{"id":9322,"date":"2026-03-03T09:05:00","date_gmt":"2026-03-03T09:05:00","guid":{"rendered":"https:\/\/alstraenergy.se\/project\/eslov-trollenas\/"},"modified":"2026-04-29T13:10:09","modified_gmt":"2026-04-29T13:10:09","slug":"eslov-trollenas-solar-park","status":"publish","type":"project","link":"https:\/\/alstraenergy.se\/en\/project\/eslov-trollenas-solar-park\/","title":{"rendered":"Esl\u00f6v Trollen\u00e4s Solar Park"},"content":{"rendered":"\n<section class=\"wp-block-noor-blocks-section nb-section position-relative  bg-custom-soft-leafy-green ee-two-column py-64 py-lg-96\">\n<div class=\"wp-block-noor-blocks-container nb-container  container-fluid\">\n<div class=\"wp-block-noor-blocks-row nb-row row  justify-content-center flex-lg-row\">\n<div class=\"wp-block-noor-blocks-column col nb-column  img-full-height col-lg-4 col-12 mb-lg-0 mb-24 d-flex flex-column justify-content-center\"><\/div>\n\n\n\n<div class=\"wp-block-noor-blocks-column col nb-column  col-lg-4 col-12 d-flex flex-column justify-content-center align-items-start\">\n<div class=\"wp-block-group ps-lg-64 is-layout-constrained wp-block-group-is-layout-constrained\">\n<h2 class=\"wp-block-noor-blocks-heading nb-heading  nb-heading-h2 mb-16\">Welcome to Esl\u00f6v Trollen\u00e4s Solar Park<\/h2>\n\n\n\n<p class=\"wp-block-noor-blocks-paragraph nb-paragraph  mb-16\">Alstra Energy plans to establish a solar park with an installed capacity of 37 MWp in the municipality of Esl\u00f6v in Sk\u00e5ne County.<\/p>\n\n\n\n<p class=\"wp-block-noor-blocks-paragraph nb-paragraph  mb-16\">The park is expected to produce approximately 37 GWh annually, which will be distributed to the public grid. This corresponds to the annual electricity consumption of approximately 7,400 homeowners.<\/p>\n\n\n\n<p class=\"wp-block-noor-blocks-paragraph nb-paragraph\">This location is uniquely suited for solar power generation. It combines high solar irradiance and reliable grid access with manageable soil conditions, all while enabling us to protect sensitive local ecosystems. After its operational life, the park is designed for effortless decommissioning. The materials will be recycled, and the land will immediately revert to being available for other applications.<\/p>\n<\/div>\n<\/div>\n<\/div>\n<\/div>\n<\/section>\n\n\n\n<section class=\"wp-block-noor-blocks-section nb-section position-relative  bg-custom-bright-accent-yellow py-64\">\n<div class=\"wp-block-noor-blocks-container nb-container  container-fluid\">\n<div class=\"wp-block-noor-blocks-row nb-row row  justify-content-center gap-48 gap-md-0 row-gap-48 row-gap-md-64 align-items-center\">\n<div class=\"wp-block-noor-blocks-column col nb-column  col-12 col-md-5 col-lg-2 offset-md-1 text-center justify-content-center\">\n<hr class=\"wp-block-separator has-alpha-channel-opacity mx-auto my-0\"\/>\n<\/div>\n\n\n\n<div class=\"wp-block-noor-blocks-column col nb-column  col-12 col-md-5 col-lg-2 text-center justify-content-center\">\n<h4 class=\"wp-block-noor-blocks-heading nb-heading  nb-heading-h4 h4 mb-8\">Approx. 35 ha<\/h4>\n\n\n\n<p class=\"wp-block-noor-blocks-paragraph nb-paragraph  mb-24\">Total area of the solar park<\/p>\n\n\n\n<hr class=\"wp-block-separator has-alpha-channel-opacity mx-auto my-0\"\/>\n<\/div>\n\n\n\n<div class=\"wp-block-noor-blocks-column col nb-column  col-12 offset-lg-0 col-md-5 offset-md-1 col-lg-2 text-center justify-content-center\">\n<h4 class=\"wp-block-noor-blocks-heading nb-heading  nb-heading-h4 h4 mb-8\">37 MW<\/h4>\n\n\n\n<p class=\"wp-block-noor-blocks-paragraph nb-paragraph  mb-24\">Installed capacity of the park<\/p>\n\n\n\n<hr class=\"wp-block-separator has-alpha-channel-opacity mx-auto my-0\"\/>\n<\/div>\n\n\n\n<div class=\"wp-block-noor-blocks-column col nb-column  col-12 col-md-5 col-lg-2 text-center justify-content-center\">\n<h4 class=\"wp-block-noor-blocks-heading nb-heading  nb-heading-h4 h4 mb-8\">Approx. 23 GWh<\/h4>\n\n\n\n<p class=\"wp-block-noor-blocks-paragraph nb-paragraph  mb-24\">Estimated annual production<\/p>\n\n\n\n<hr class=\"wp-block-separator has-alpha-channel-opacity mx-auto my-0\"\/>\n<\/div>\n\n\n\n<div class=\"wp-block-noor-blocks-column col nb-column  col-8 offset-2 col-md-2 offset-md-9 col-lg-2 offset-lg-0 d-flex sheep-column align-items-center justify-content-center\"><\/div>\n<\/div>\n<\/div>\n<\/section>\n\n\n\n<section class=\"wp-block-noor-blocks-section nb-section position-relative  bg-custom-warm-ivory pt-64 pt-md-96 pb-64 pb-md-32 pb-lg-96\">\n<div class=\"wp-block-noor-blocks-container nb-container  container\">\n<h4 class=\"wp-block-noor-blocks-heading nb-heading  nb-heading-h4 text-center\">Roadmap<\/h4>\n\n\n\n<section class=\"wp-block-noor-blocks-section nb-section position-relative\">\n<div class=\"wp-block-noor-blocks-container nb-container  container\">\n<p class=\"wp-block-noor-blocks-paragraph nb-paragraph  text-center\">See below for the project&#8217;s preliminary schedule and key process steps. Operations are expected to commence in 2028\u20132029.<\/p>\n\n\n\n<p class=\"has-text-align-center\"><br><\/p>\n<\/div>\n<\/section>\n<\/div>\n\n\n\n<div class=\"wp-block-noor-blocks-container nb-container  bg-warm-ivory container bg-overlay-light-gray\">\n<div class=\"wp-block-noor-blocks-column col nb-column\">\n<div class=\"wp-block-ee-blocks-timeline ee-timeline-slider-wrapper position-relative\"><div class=\"swiper ee-timeline-slider p-0\"><div class=\"swiper-wrapper\"><div class=\"swiper-slide\"><div class=\"timeline-content\"><div class=\"img-wrapper mb-0\"><figure><img decoding=\"async\" src=\"https:\/\/alstraenergy.se\/wp-content\/uploads\/2024\/11\/vagskal-scaled.jpg\" alt=\"Permit application submitted\"\/><\/figure><\/div><div class=\"content-wrapper\"><h5 class=\"my-16\">Permit application submitted<\/h5><p class=\"mb-0\">Q3 2024<\/p><\/div><\/div><\/div><div class=\"swiper-slide\"><div class=\"timeline-content\"><div class=\"img-wrapper mb-0\"><figure><img decoding=\"async\" src=\"https:\/\/alstraenergy.se\/wp-content\/uploads\/2024\/11\/klubba-scaled.jpg\" alt=\"Decision by the Environmental Assessment Delegation (MPD)\"\/><\/figure><\/div><div class=\"content-wrapper\"><h5 class=\"my-16\">Decision by the Environmental Assessment Delegation (MPD)<\/h5><p class=\"mb-0\">Q4 2025<\/p><\/div><\/div><\/div><div class=\"swiper-slide\"><div class=\"timeline-content\"><div class=\"img-wrapper mb-0\"><figure><img decoding=\"async\" src=\"https:\/\/alstraenergy.se\/wp-content\/uploads\/2024\/11\/hus-scaled.jpg\" alt=\"Building permit submitted\"\/><\/figure><\/div><div class=\"content-wrapper\"><h5 class=\"my-16\">Building permit submitted<\/h5><p class=\"mb-0\">Approx. 2027<\/p><\/div><\/div><\/div><div class=\"swiper-slide\"><div class=\"timeline-content\"><div class=\"img-wrapper mb-0\"><figure><img decoding=\"async\" src=\"https:\/\/alstraenergy.se\/wp-content\/uploads\/2024\/11\/kraftledning-scaled.jpg\" alt=\"Network connection and commissioning\"\/><\/figure><\/div><div class=\"content-wrapper\"><h5 class=\"my-16\">Network connection and commissioning<\/h5><p class=\"mb-0\">2028-2029<\/p><\/div><\/div><\/div><\/div><div class=\"swiper-scrollbar timeline-swiper-scrollbar mt-32\"><\/div><\/div><\/div>\n<\/div>\n<\/div>\n<\/section>\n\n\n\n<section class=\"wp-block-noor-blocks-section nb-section position-relative  bg-custom-dark-navy-blue py-lg-48 py-32\">\n<div class=\"wp-block-noor-blocks-container nb-container  container\">\n<div class=\"wp-block-noor-blocks-row nb-row row\">\n<div class=\"wp-block-noor-blocks-column col nb-column  col-lg-1 col-12\"><\/div>\n\n\n\n<div class=\"wp-block-noor-blocks-column col nb-column  col-lg-5 col-md-12 mb-lg-0 mb-32\">\n<div class=\"wp-block-group is-nowrap is-layout-flex wp-container-core-group-is-layout-c1740a5a wp-block-group-is-layout-flex\">\n<figure class=\"wp-block-image size-full has-custom-border circle-img\"><img decoding=\"async\" src=\"https:\/\/alstraenergy.se\/wp-content\/uploads\/2025\/04\/Jonas-Weissglas.jpg\" alt=\"\" class=\"wp-image-7824\" style=\"border-radius:50%\"\/><\/figure>\n\n\n\n<div class=\"wp-block-group is-vertical is-layout-flex wp-container-core-group-is-layout-fe9cc265 wp-block-group-is-layout-flex\">\n<h5 class=\"wp-block-noor-blocks-heading nb-heading  nb-heading-h5 text-custom-white mb-16\">Press<\/h5>\n\n\n\n<p class=\"wp-block-noor-blocks-paragraph nb-paragraph  text-custom-white mb-0\">Jonas Weissglas<br>jonas.weissglas@alstraenergy.se<\/p>\n<\/div>\n<\/div>\n<\/div>\n\n\n\n<div class=\"wp-block-noor-blocks-column col nb-column  col-lg-5 col-md-12\">\n<div class=\"wp-block-group is-nowrap is-layout-flex wp-container-core-group-is-layout-c1740a5a wp-block-group-is-layout-flex\">\n<figure class=\"wp-block-image size-large has-custom-border circle-img\"><img loading=\"lazy\" decoding=\"async\" width=\"768\" height=\"1024\" src=\"https:\/\/alstraenergy.se\/wp-content\/uploads\/2024\/09\/Louise-Albinsson-768x1024.jpg\" alt=\"\" class=\"wp-image-6534\" style=\"border-radius:50%\" srcset=\"https:\/\/alstraenergy.se\/wp-content\/uploads\/2024\/09\/Louise-Albinsson-768x1024.jpg 768w, https:\/\/alstraenergy.se\/wp-content\/uploads\/2024\/09\/Louise-Albinsson-225x300.jpg 225w, https:\/\/alstraenergy.se\/wp-content\/uploads\/2024\/09\/Louise-Albinsson-1152x1536.jpg 1152w, https:\/\/alstraenergy.se\/wp-content\/uploads\/2024\/09\/Louise-Albinsson-1536x2048.jpg 1536w, https:\/\/alstraenergy.se\/wp-content\/uploads\/2024\/09\/Louise-Albinsson-scaled.jpg 1920w\" sizes=\"auto, (max-width: 768px) 100vw, 768px\" \/><\/figure>\n\n\n\n<div class=\"wp-block-group is-vertical is-layout-flex wp-container-core-group-is-layout-fe9cc265 wp-block-group-is-layout-flex\">\n<h5 class=\"wp-block-noor-blocks-heading nb-heading  nb-heading-h5 text-custom-white mb-16\">Project Manager<\/h5>\n\n\n\n<p class=\"wp-block-noor-blocks-paragraph nb-paragraph  text-custom-white mb-0\">Louise Albinsson<br>louise.albinsson@alstraenergy.se<\/p>\n<\/div>\n<\/div>\n<\/div>\n\n\n\n<div class=\"wp-block-noor-blocks-column col nb-column  col-lg-1 col-12\"><\/div>\n<\/div>\n<\/div>\n<\/section>\n\n\n\n<section class=\"wp-block-noor-blocks-section nb-section position-relative\">\n<div class=\"wp-block-noor-blocks-container nb-container  container-fluid p-0\">\n<div class=\"wp-block-cover pt-96 pt-lg-48 pb-48 pb-lg-96\"><img loading=\"lazy\" decoding=\"async\" width=\"2560\" height=\"1440\" class=\"wp-block-cover__image-background wp-image-1449\" alt=\"\" src=\"https:\/\/alstraenergy.se\/wp-content\/uploads\/2023\/01\/Strangnas-aug-22-large.png\" data-object-fit=\"cover\" srcset=\"https:\/\/alstraenergy.se\/wp-content\/uploads\/2023\/01\/Strangnas-aug-22-large.png 2560w, https:\/\/alstraenergy.se\/wp-content\/uploads\/2023\/01\/Strangnas-aug-22-large-300x169.png 300w, https:\/\/alstraenergy.se\/wp-content\/uploads\/2023\/01\/Strangnas-aug-22-large-1024x576.png 1024w, https:\/\/alstraenergy.se\/wp-content\/uploads\/2023\/01\/Strangnas-aug-22-large-768x432.png 768w, https:\/\/alstraenergy.se\/wp-content\/uploads\/2023\/01\/Strangnas-aug-22-large-1536x864.png 1536w, https:\/\/alstraenergy.se\/wp-content\/uploads\/2023\/01\/Strangnas-aug-22-large-2048x1152.png 2048w\" sizes=\"auto, (max-width: 2560px) 100vw, 2560px\" \/><span aria-hidden=\"true\" class=\"wp-block-cover__background has-background-dim-0 has-background-dim\"><\/span><div class=\"wp-block-cover__inner-container is-layout-flow wp-block-cover-is-layout-flow\">\n<div style=\"height:386px\" aria-hidden=\"true\" class=\"wp-block-spacer\"><\/div>\n\n\n\n<div class=\"wp-block-noor-blocks-row nb-row row\">\n<div class=\"wp-block-noor-blocks-column col nb-column  col-12 col-sm-10 col-lg-4 offset-lg-2 0\">\n<div class=\"wp-block-cover is-light p-32\" style=\"min-height:50px;aspect-ratio:unset;\"><span aria-hidden=\"true\" class=\"wp-block-cover__background has-white-background-color has-background-dim-90 has-background-dim\"><\/span><div class=\"wp-block-cover__inner-container is-layout-flow wp-block-cover-is-layout-flow\">\n<h2 class=\"wp-block-noor-blocks-heading nb-heading  nb-heading-h2 text-start mb-16\">Frequently asked questions<\/h2>\n\n\n\n<p class=\"wp-block-noor-blocks-paragraph nb-paragraph  text-start mb-32\">Solar farms are already a crucial part of the power grid in many parts of the world, and we are now accelerating that development domestically. Keep up with our latest news to explore our ongoing projects and discover how tomorrow&#8217;s energy landscape is taking shape.<\/p>\n\n\n\n<div style=\"border-radius:50px\" class=\"wp-block-ee-blocks-button nb-btn btn nb-btn-primary-orange\"><a href=\"https:\/\/alstraenergy.se\/en\/blog\/\"><span class=\"nb-btn-text\">News<\/span><span class=\"nb-btn-icon icon-right\"><svg width=\"12\" height=\"12\" viewBox=\"0 0 24 24\" xmlns=\"http:\/\/www.w3.org\/2000\/svg\"><path fill=\"currentColor\" d=\"M8.12 4.12c-.59.59-.59 1.54 0 2.12L13.88 12l-5.76 5.76c-.59.59-.59 1.54 0 2.12s1.54.59 2.12 0l6.82-6.82c.59-.59.59-1.54 0-2.12L10.24 4.12c-.59-.59-1.54-.59-2.12 0z\"><\/path><\/svg><\/span><\/a><\/div>\n<\/div><\/div>\n<\/div>\n<\/div>\n<\/div><\/div>\n<\/div>\n<\/section>\n\n\n\n<section class=\"wp-block-noor-blocks-section nb-section position-relative  bg-custom-warm-ivory py-64 py-lg-96\">\n<div class=\"wp-block-noor-blocks-container nb-container  container\">\n<div class=\"wp-block-noor-blocks-row nb-row row\">\n<div class=\"wp-block-noor-blocks-column col nb-column\"><\/div>\n<\/div>\n\n\n\n<h4 class=\"wp-block-noor-blocks-heading nb-heading  nb-heading-h4\">Is your company interested in building a solar park?<\/h4>\n\n\n\n<p class=\"wp-block-noor-blocks-paragraph nb-paragraph\">Make the shift to 100% renewable power by covering your company&#8217;s electricity needs with your very own solar park. It is a powerful way to actively participate in the worldwide energy transition. <\/p>\n\n\n\n<p class=\"wp-block-noor-blocks-paragraph nb-paragraph\">Curious about the details? Reach out today to schedule a site visit. We\u2019d be happy to show you around, explain the operational mechanics, and highlight the financial and environmental benefits.<\/p>\n\n\n\n<div style=\"border-radius:50px\" class=\"wp-block-ee-blocks-button nb-btn btn nb-btn-primary-orange\"><a href=\"https:\/\/alstraenergy.se\/en\/?page_id=1172#\"><span class=\"nb-btn-text\">Book a site visit<\/span><span class=\"nb-btn-icon icon-right\"><svg width=\"12\" height=\"12\" viewBox=\"0 0 24 24\" xmlns=\"http:\/\/www.w3.org\/2000\/svg\"><path fill=\"currentColor\" d=\"M8.12 4.12c-.59.59-.59 1.54 0 2.12L13.88 12l-5.76 5.76c-.59.59-.59 1.54 0 2.12s1.54.59 2.12 0l6.82-6.82c.59-.59.59-1.54 0-2.12L10.24 4.12c-.59-.59-1.54-.59-2.12 0z\"><\/path><\/svg><\/span><\/a><\/div>\n<\/div>\n<\/section>\n\n\n\n<section class=\"wp-block-noor-blocks-section nb-section position-relative  bg-custom-dark-navy-blue py-64 pb-lg-48 text-white\">\n<div class=\"wp-block-noor-blocks-container nb-container  container\">\n<div class=\"wp-block-noor-blocks-row nb-row row  align-items-center\">\n<div class=\"wp-block-noor-blocks-column col nb-column  col-12 col-md-10 col-lg-4 align-self-start\">\n<h3 class=\"wp-block-noor-blocks-heading nb-heading  nb-heading-h3 h3 mb-16 text-white\">Would you like us to contact you?<\/h3>\n\n\n\n<p class=\"wp-block-noor-blocks-paragraph nb-paragraph  text-white\">Do you want a quote or have specific questions about solar energy and\/or energy storage? Fill in the form and we will contact you shortly.<\/p>\n<\/div>\n\n\n\n<div class=\"wp-block-noor-blocks-column col nb-column  col-12 col-lg-6 offset-lg-2 insightly-form\">\n<script src=\"https:\/\/www.google.com\/recaptcha\/api.js\" async defer><\/script>\n<div class=\"rulemailer-subscriber-form\">\n    <form id=\"rule-optin-form\" action=\"https:\/\/app.rule.io\/subscriber-form\/subscriber\" method=\"POST\">\n        <input type=\"hidden\" value=\"148532\" name=\"tags[]\">\n        <input type=\"hidden\" name=\"token\" value=\"b376895b-8e3a87d-56c1a8e-81a9579-64d3bc5-e6d\">\n        <label>E-mail<\/label>\n        <input type='email' placeholder='E-mail' name='rule_email' required>\n        <label>First name<\/label>\n        <input type='text' placeholder='First name' name='fields[Personuppgifter.F\u00f6rnamn]' required>\n        <label>Last name<\/label>\n        <input type='text' placeholder='Last name' name='fields[Personuppgifter.Efternamn]' required>\n        <label>Mobile<\/label>\n        <input type='text' placeholder='Mobile' name='fields[Personuppgifter.Mobil]'>\n        <label>Organisation<\/label>\n        <input type='text' placeholder='Organisation' name='fields[Personuppgifter.F\u00f6retagsnamn]'>\n        <label>Message<\/label>\n        <input type='text' placeholder='Message' name='fields[Personuppgifter.Meddelande]'>\n        <label class=\"rulemailer-email-check\">Are you a machine?<\/label>\n        <input type=\"checkbox\" name=\"email_field\" class=\"rulemailer-email-check\" value=\"1\" tabindex=\"-1\" autocomplete=\"off\">\n        <input type=\"hidden\" name=\"language\" value=\"1\">\n        <button class=\"g-recaptcha\" data-sitekey=\"6LfbPnAUAAAAACqfb_YCtJi7RY0WkK-1T4b9cUO8\" data-callback='submitRuleOptin'>Send<\/button>\n    <\/form>\n<\/div>\n<script>function submitRuleOptin(token) {document.getElementById(\"rule-optin-form\").submit();}<\/script>\n<\/div>\n<\/div>\n<\/div>\n<\/section>\n\n\n\n<div class=\"wp-block-ee-blocks-map not-show\" style=\"height:480px\"><div id=\"map\" class=\"ee-map\" data-zoom=\"15\" data-long=\"17.234\" data-lat=\"58.83345\" data-icon-url=\"https:\/\/alstraenergy.se\/wp-content\/uploads\/2023\/01\/pin-2.png\" data-icon-scale=\"1\" data-icon-offset=\"0,0\" data-icon-size=\"\">\n<div class=\"wp-block-ee-blocks-map-marker ee-map-marker\" data-lat=\"58.833\" data-long=\"17.234\" data-label=\"Tystberga\"><\/div>\n<\/div><\/div>\n","protected":false},"excerpt":{"rendered":"<p>II Esl\u00f6vs kommun i Sk\u00e5ne l\u00e4n planerar Alstra Energy att etablera en solpark med installerad effekt p\u00e5 37 MWp.<br \/>\nParken ber\u00e4knas producera ca 37 GWh \u00e5rligen vilka kommer distribueras till det allm\u00e4nna n\u00e4tet. Det motsvarar ca 7 400 villa\u00e4gares \u00e5rliga elf\u00f6rbrukning.<\/p>\n","protected":false},"featured_media":6841,"menu_order":0,"template":"","meta":{"vimeo_meta":"","short_seller_meta":"","phone_seller_meta":"","email_seller_meta":"","project_left":"","project_center":"","project_right":"","batteryparks_left":"","batteryparks_center":"","batteryparks_right":"","pdf_attachment":[],"card_img":[],"is_sheep":false,"install_panel_number":"","install_panel_text":"","total_surface_number":"","total_surface_text":"","on_each_panel_number":"","on_each_panel_text":"","estimated_annually_number":"","estimated_annually_text":"","is_related_project":false,"post_project_name":"","post_batteryparks_name":"","keep_in_blog_list":false,"om_disable_all_campaigns":false,"inline_featured_image":false,"_monsterinsights_skip_tracking":false,"_monsterinsights_sitenote_active":false,"_monsterinsights_sitenote_note":"","_monsterinsights_sitenote_category":0},"class_list":["post-9322","project","type-project","status-publish","has-post-thumbnail","hentry"],"yoast_head":"<!-- This site is optimized with the Yoast SEO plugin v27.5 - https:\/\/yoast.com\/product\/yoast-seo-wordpress\/ -->\n<title>Esl\u00f6v Trollen\u00e4s Solar Park - AlstraEnergy<\/title>\n<meta name=\"robots\" content=\"index, follow, max-snippet:-1, max-image-preview:large, max-video-preview:-1\" \/>\n<link rel=\"canonical\" href=\"https:\/\/alstraenergy.se\/en\/project\/eslov-trollenas-solar-park\/\" \/>\n<meta property=\"og:locale\" content=\"en_US\" \/>\n<meta property=\"og:type\" content=\"article\" \/>\n<meta property=\"og:title\" content=\"Esl\u00f6v Trollen\u00e4s Solar Park - AlstraEnergy\" \/>\n<meta property=\"og:description\" content=\"II Esl\u00f6vs kommun i Sk\u00e5ne l\u00e4n planerar Alstra Energy att etablera en solpark med installerad effekt p\u00e5 37 MWp. Parken ber\u00e4knas producera ca 37 GWh \u00e5rligen vilka kommer distribueras till det allm\u00e4nna n\u00e4tet. Det motsvarar ca 7 400 villa\u00e4gares \u00e5rliga elf\u00f6rbrukning.\" \/>\n<meta property=\"og:url\" content=\"https:\/\/alstraenergy.se\/en\/project\/eslov-trollenas-solar-park\/\" \/>\n<meta property=\"og:site_name\" content=\"AlstraEnergy\" \/>\n<meta property=\"article:modified_time\" content=\"2026-04-29T13:10:09+00:00\" \/>\n<meta property=\"og:image\" content=\"https:\/\/alstraenergy.se\/wp-content\/uploads\/2024\/10\/far-i-solpark-scaled.jpg\" \/>\n\t<meta property=\"og:image:width\" content=\"2560\" \/>\n\t<meta property=\"og:image:height\" content=\"1920\" \/>\n\t<meta property=\"og:image:type\" content=\"image\/jpeg\" \/>\n<meta name=\"twitter:card\" content=\"summary_large_image\" \/>\n<meta name=\"twitter:label1\" content=\"Est. reading time\" \/>\n\t<meta name=\"twitter:data1\" content=\"4 minutes\" \/>\n<script type=\"application\/ld+json\" class=\"yoast-schema-graph\">{\"@context\":\"https:\\\/\\\/schema.org\",\"@graph\":[{\"@type\":\"WebPage\",\"@id\":\"https:\\\/\\\/alstraenergy.se\\\/en\\\/project\\\/eslov-trollenas-solar-park\\\/\",\"url\":\"https:\\\/\\\/alstraenergy.se\\\/en\\\/project\\\/eslov-trollenas-solar-park\\\/\",\"name\":\"Esl\u00f6v Trollen\u00e4s Solar Park - AlstraEnergy\",\"isPartOf\":{\"@id\":\"https:\\\/\\\/alstraenergy.se\\\/en\\\/#website\"},\"primaryImageOfPage\":{\"@id\":\"https:\\\/\\\/alstraenergy.se\\\/en\\\/project\\\/eslov-trollenas-solar-park\\\/#primaryimage\"},\"image\":{\"@id\":\"https:\\\/\\\/alstraenergy.se\\\/en\\\/project\\\/eslov-trollenas-solar-park\\\/#primaryimage\"},\"thumbnailUrl\":\"https:\\\/\\\/alstraenergy.se\\\/wp-content\\\/uploads\\\/2024\\\/10\\\/far-i-solpark-scaled.jpg\",\"datePublished\":\"2026-03-03T09:05:00+00:00\",\"dateModified\":\"2026-04-29T13:10:09+00:00\",\"breadcrumb\":{\"@id\":\"https:\\\/\\\/alstraenergy.se\\\/en\\\/project\\\/eslov-trollenas-solar-park\\\/#breadcrumb\"},\"inLanguage\":\"en-US\",\"potentialAction\":[{\"@type\":\"ReadAction\",\"target\":[\"https:\\\/\\\/alstraenergy.se\\\/en\\\/project\\\/eslov-trollenas-solar-park\\\/\"]}]},{\"@type\":\"ImageObject\",\"inLanguage\":\"en-US\",\"@id\":\"https:\\\/\\\/alstraenergy.se\\\/en\\\/project\\\/eslov-trollenas-solar-park\\\/#primaryimage\",\"url\":\"https:\\\/\\\/alstraenergy.se\\\/wp-content\\\/uploads\\\/2024\\\/10\\\/far-i-solpark-scaled.jpg\",\"contentUrl\":\"https:\\\/\\\/alstraenergy.se\\\/wp-content\\\/uploads\\\/2024\\\/10\\\/far-i-solpark-scaled.jpg\",\"width\":2560,\"height\":1920,\"caption\":\"default\"},{\"@type\":\"BreadcrumbList\",\"@id\":\"https:\\\/\\\/alstraenergy.se\\\/en\\\/project\\\/eslov-trollenas-solar-park\\\/#breadcrumb\",\"itemListElement\":[{\"@type\":\"ListItem\",\"position\":1,\"name\":\"Home\",\"item\":\"https:\\\/\\\/alstraenergy.se\\\/en\\\/\"},{\"@type\":\"ListItem\",\"position\":2,\"name\":\"Esl\u00f6v Trollen\u00e4s Solar Park\"}]},{\"@type\":\"WebSite\",\"@id\":\"https:\\\/\\\/alstraenergy.se\\\/en\\\/#website\",\"url\":\"https:\\\/\\\/alstraenergy.se\\\/en\\\/\",\"name\":\"AlstraEnergy\",\"description\":\"Solenergi som l\u00f6nar sig\",\"publisher\":{\"@id\":\"https:\\\/\\\/alstraenergy.se\\\/en\\\/#organization\"},\"potentialAction\":[{\"@type\":\"SearchAction\",\"target\":{\"@type\":\"EntryPoint\",\"urlTemplate\":\"https:\\\/\\\/alstraenergy.se\\\/en\\\/?s={search_term_string}\"},\"query-input\":{\"@type\":\"PropertyValueSpecification\",\"valueRequired\":true,\"valueName\":\"search_term_string\"}}],\"inLanguage\":\"en-US\"},{\"@type\":\"Organization\",\"@id\":\"https:\\\/\\\/alstraenergy.se\\\/en\\\/#organization\",\"name\":\"AlstraEnergy\",\"url\":\"https:\\\/\\\/alstraenergy.se\\\/en\\\/\",\"logo\":{\"@type\":\"ImageObject\",\"inLanguage\":\"en-US\",\"@id\":\"https:\\\/\\\/alstraenergy.se\\\/en\\\/#\\\/schema\\\/logo\\\/image\\\/\",\"url\":\"https:\\\/\\\/alstraenergy.se\\\/wp-content\\\/uploads\\\/2026\\\/01\\\/Alstra_Energy_Logotyp_2511202_transparent-small.png\",\"contentUrl\":\"https:\\\/\\\/alstraenergy.se\\\/wp-content\\\/uploads\\\/2026\\\/01\\\/Alstra_Energy_Logotyp_2511202_transparent-small.png\",\"width\":1123,\"height\":160,\"caption\":\"AlstraEnergy\"},\"image\":{\"@id\":\"https:\\\/\\\/alstraenergy.se\\\/en\\\/#\\\/schema\\\/logo\\\/image\\\/\"}}]}<\/script>\n<!-- \/ Yoast SEO plugin. -->","yoast_head_json":{"title":"Esl\u00f6v Trollen\u00e4s Solar Park - AlstraEnergy","robots":{"index":"index","follow":"follow","max-snippet":"max-snippet:-1","max-image-preview":"max-image-preview:large","max-video-preview":"max-video-preview:-1"},"canonical":"https:\/\/alstraenergy.se\/en\/project\/eslov-trollenas-solar-park\/","og_locale":"en_US","og_type":"article","og_title":"Esl\u00f6v Trollen\u00e4s Solar Park - AlstraEnergy","og_description":"II Esl\u00f6vs kommun i Sk\u00e5ne l\u00e4n planerar Alstra Energy att etablera en solpark med installerad effekt p\u00e5 37 MWp. Parken ber\u00e4knas producera ca 37 GWh \u00e5rligen vilka kommer distribueras till det allm\u00e4nna n\u00e4tet. Det motsvarar ca 7 400 villa\u00e4gares \u00e5rliga elf\u00f6rbrukning.","og_url":"https:\/\/alstraenergy.se\/en\/project\/eslov-trollenas-solar-park\/","og_site_name":"AlstraEnergy","article_modified_time":"2026-04-29T13:10:09+00:00","og_image":[{"width":2560,"height":1920,"url":"https:\/\/alstraenergy.se\/wp-content\/uploads\/2024\/10\/far-i-solpark-scaled.jpg","type":"image\/jpeg"}],"twitter_card":"summary_large_image","twitter_misc":{"Est. reading time":"4 minutes"},"schema":{"@context":"https:\/\/schema.org","@graph":[{"@type":"WebPage","@id":"https:\/\/alstraenergy.se\/en\/project\/eslov-trollenas-solar-park\/","url":"https:\/\/alstraenergy.se\/en\/project\/eslov-trollenas-solar-park\/","name":"Esl\u00f6v Trollen\u00e4s Solar Park - AlstraEnergy","isPartOf":{"@id":"https:\/\/alstraenergy.se\/en\/#website"},"primaryImageOfPage":{"@id":"https:\/\/alstraenergy.se\/en\/project\/eslov-trollenas-solar-park\/#primaryimage"},"image":{"@id":"https:\/\/alstraenergy.se\/en\/project\/eslov-trollenas-solar-park\/#primaryimage"},"thumbnailUrl":"https:\/\/alstraenergy.se\/wp-content\/uploads\/2024\/10\/far-i-solpark-scaled.jpg","datePublished":"2026-03-03T09:05:00+00:00","dateModified":"2026-04-29T13:10:09+00:00","breadcrumb":{"@id":"https:\/\/alstraenergy.se\/en\/project\/eslov-trollenas-solar-park\/#breadcrumb"},"inLanguage":"en-US","potentialAction":[{"@type":"ReadAction","target":["https:\/\/alstraenergy.se\/en\/project\/eslov-trollenas-solar-park\/"]}]},{"@type":"ImageObject","inLanguage":"en-US","@id":"https:\/\/alstraenergy.se\/en\/project\/eslov-trollenas-solar-park\/#primaryimage","url":"https:\/\/alstraenergy.se\/wp-content\/uploads\/2024\/10\/far-i-solpark-scaled.jpg","contentUrl":"https:\/\/alstraenergy.se\/wp-content\/uploads\/2024\/10\/far-i-solpark-scaled.jpg","width":2560,"height":1920,"caption":"default"},{"@type":"BreadcrumbList","@id":"https:\/\/alstraenergy.se\/en\/project\/eslov-trollenas-solar-park\/#breadcrumb","itemListElement":[{"@type":"ListItem","position":1,"name":"Home","item":"https:\/\/alstraenergy.se\/en\/"},{"@type":"ListItem","position":2,"name":"Esl\u00f6v Trollen\u00e4s Solar Park"}]},{"@type":"WebSite","@id":"https:\/\/alstraenergy.se\/en\/#website","url":"https:\/\/alstraenergy.se\/en\/","name":"AlstraEnergy","description":"Solenergi som l\u00f6nar sig","publisher":{"@id":"https:\/\/alstraenergy.se\/en\/#organization"},"potentialAction":[{"@type":"SearchAction","target":{"@type":"EntryPoint","urlTemplate":"https:\/\/alstraenergy.se\/en\/?s={search_term_string}"},"query-input":{"@type":"PropertyValueSpecification","valueRequired":true,"valueName":"search_term_string"}}],"inLanguage":"en-US"},{"@type":"Organization","@id":"https:\/\/alstraenergy.se\/en\/#organization","name":"AlstraEnergy","url":"https:\/\/alstraenergy.se\/en\/","logo":{"@type":"ImageObject","inLanguage":"en-US","@id":"https:\/\/alstraenergy.se\/en\/#\/schema\/logo\/image\/","url":"https:\/\/alstraenergy.se\/wp-content\/uploads\/2026\/01\/Alstra_Energy_Logotyp_2511202_transparent-small.png","contentUrl":"https:\/\/alstraenergy.se\/wp-content\/uploads\/2026\/01\/Alstra_Energy_Logotyp_2511202_transparent-small.png","width":1123,"height":160,"caption":"AlstraEnergy"},"image":{"@id":"https:\/\/alstraenergy.se\/en\/#\/schema\/logo\/image\/"}}]}},"_links":{"self":[{"href":"https:\/\/alstraenergy.se\/en\/wp-json\/wp\/v2\/project\/9322","targetHints":{"allow":["GET"]}}],"collection":[{"href":"https:\/\/alstraenergy.se\/en\/wp-json\/wp\/v2\/project"}],"about":[{"href":"https:\/\/alstraenergy.se\/en\/wp-json\/wp\/v2\/types\/project"}],"wp:featuredmedia":[{"embeddable":true,"href":"https:\/\/alstraenergy.se\/en\/wp-json\/wp\/v2\/media\/6841"}],"wp:attachment":[{"href":"https:\/\/alstraenergy.se\/en\/wp-json\/wp\/v2\/media?parent=9322"}],"curies":[{"name":"wp","href":"https:\/\/api.w.org\/{rel}","templated":true}]}}